{"id":114,"date":"2016-06-14T15:30:56","date_gmt":"2016-06-14T15:30:56","guid":{"rendered":"http:\/\/solsticio.es\/?page_id=114"},"modified":"2016-06-14T15:30:56","modified_gmt":"2016-06-14T15:30:56","slug":"quienes-somos-2","status":"publish","type":"page","link":"http:\/\/solsticio.es\/index.php\/quienes-somos-2\/","title":{"rendered":"Quienes somos"},"content":{"rendered":"<div id=\"pl-114\"  class=\"panel-layout\" ><div id=\"pg-114-0\"  class=\"panel-grid panel-has-style\" ><div class=\"siteorigin-panels-stretch panel-row-style panel-row-style-for-114-0\" data-stretch-type=\"full-stretched\" ><div id=\"pgc-114-0-0\"  class=\"panel-grid-cell\" ><div id=\"panel-114-0-0-0\" class=\"so-panel widget widget_sow-headline panel-first-child panel-last-child\" data-index=\"0\" ><div class=\"panel-widget-style panel-widget-style-for-114-0-0-0\" ><div\n\t\t\t\n\t\t\tclass=\"so-widget-sow-headline so-widget-sow-headline-default-f1808a8cc23c-114\"\n\t\t\t\n\t\t><div class=\"sow-headline-container \">\n\t\t\t\t\t\t\t<h2 class=\"sow-headline\">\n\t\t\t\t\t\tNuestro equipo\t\t\t\t\t\t<\/h2>\n\t\t\t\t\t\t\t\t\t\t\t<div class=\"decoration\">\n\t\t\t\t\t\t<div class=\"decoration-inside\"><\/div>\n\t\t\t\t\t<\/div>\n\t\t\t\t\t<\/div>\n<\/div><\/div><\/div><\/div><\/div><\/div><div id=\"pg-114-1\"  class=\"panel-grid panel-has-style\" ><div class=\"siteorigin-panels-stretch panel-row-style panel-row-style-for-114-1\" data-stretch-type=\"full-stretched\" ><div id=\"pgc-114-1-0\"  class=\"panel-grid-cell\" ><div id=\"panel-114-1-0-0\" class=\"so-panel widget widget_sow-features panel-first-child panel-last-child\" data-index=\"1\" ><div\n\t\t\t\n\t\t\tclass=\"so-widget-sow-features so-widget-sow-features-default-f8f2ad6b13e0-114\"\n\t\t\t\n\t\t><ul\n\tclass=\"sow-features-list\n\tsow-features-responsive\">\n\n\t\t\t<li\n\t\t\tclass=\"sow-features-feature sow-icon-container-position-top\"\n\t\t\tstyle=\"display: flex; flex-direction: column; width: calc(100% - 25px);\"\n\t\t>\n\t\t\t\n\t\t\t\t\t\t<div\t\t\t\tclass=\"sow-icon-container sow-container-round\"\n\t\t\t\tstyle=\"color: #fa9958; \"\n\t\t\t\t\n\t\t\t\t\t\t\t>\n\t\t\t\t<span class=\"sow-icon-ionicons\" data-sow-icon=\"&#xf2d9;\"\n\t\tstyle=\"font-size: 60px; color: #191b9e\" \n\t\taria-hidden=\"true\"><\/span>\t\t\t<\/div>\n\n\t\t\t<div class=\"textwidget\">\n\t\t\t\t\n\t\t\t\t\t\t\t\t\t<h5 class=\"sow-features-feature-title\">\n\t\t\t\t\t\tNuestro Equipo\t\t\t\t\t<\/h5>\n\t\t\t\t\n\t\t\t\t\t\t\t\t\t<div class=\"sow-features-feature-text\">\n\t\t\t\t\tSomos un equipo proveniente de la empresa Solarmax ya desaparecida, con amplia experiencia en reparaci\u00f3n y mantenimiento de equipos de energ\u00eda solar fotovoltaica. \t\t\t\t\t<\/div>\n\t\t\t\t\t\t\t\t<\/div>\n\t\t\t\t\t\t\t\t<\/li>\n\n\t<\/ul>\n<\/div><\/div><\/div><div id=\"pgc-114-1-1\"  class=\"panel-grid-cell\" ><div id=\"panel-114-1-1-0\" class=\"so-panel widget widget_sow-features panel-first-child panel-last-child\" data-index=\"2\" ><div\n\t\t\t\n\t\t\tclass=\"so-widget-sow-features so-widget-sow-features-default-f8f2ad6b13e0-114\"\n\t\t\t\n\t\t><ul\n\tclass=\"sow-features-list\n\tsow-features-responsive\">\n\n\t\t\t<li\n\t\t\tclass=\"sow-features-feature sow-icon-container-position-top\"\n\t\t\tstyle=\"display: flex; flex-direction: column; width: calc(100% - 25px);\"\n\t\t>\n\t\t\t\n\t\t\t\t\t\t<div\t\t\t\tclass=\"sow-icon-container sow-container-round\"\n\t\t\t\tstyle=\"color: #fa9958; \"\n\t\t\t\t\n\t\t\t\t\t\t\t>\n\t\t\t\t<span class=\"sow-icon-ionicons\" data-sow-icon=\"&#xf3ee;\"\n\t\tstyle=\"font-size: 60px; color: #191b9e\" \n\t\taria-hidden=\"true\"><\/span>\t\t\t<\/div>\n\n\t\t\t<div class=\"textwidget\">\n\t\t\t\t\n\t\t\t\t\t\t\t\t\t<h5 class=\"sow-features-feature-title\">\n\t\t\t\t\t\tGerente\t\t\t\t\t<\/h5>\n\t\t\t\t\n\t\t\t\t\t\t\t\t\t<div class=\"sow-features-feature-text\">\n\t\t\t\t\tDaniel Fern\u00e1ndez\t\t\t\t\t<\/div>\n\t\t\t\t\t\t\t\t<\/div>\n\t\t\t\t\t\t\t\t<\/li>\n\n\t<\/ul>\n<\/div><\/div><\/div><\/div><\/div><\/div>","protected":false},"excerpt":{"rendered":"<p>Nuestro equipo Nuestro Equipo Somos un equipo proveniente de la empresa Solarmax ya desaparecida, con amplia experiencia en reparaci\u00f3n y mantenimiento de equipos de energ\u00eda solar fotovoltaica. Gerente Daniel Fern\u00e1ndez<\/p>\n","protected":false},"author":1,"featured_media":0,"parent":0,"menu_order":0,"comment_status":"closed","ping_status":"closed","template":"","meta":{"footnotes":""},"yoast_head":"<!-- This site is optimized with the Yoast SEO plugin v23.5 - https:\/\/yoast.com\/wordpress\/plugins\/seo\/ -->\n<title>Quienes somos - Solsticio Energ&iacute;as Renovables<\/title>\n<meta name=\"robots\" content=\"index, follow, max-snippet:-1, max-image-preview:large, max-video-preview:-1\" \/>\n<link rel=\"canonical\" href=\"http:\/\/solsticio.es\/index.php\/quienes-somos-2\/\" \/>\n<meta property=\"og:locale\" content=\"es_ES\" \/>\n<meta property=\"og:type\" content=\"article\" \/>\n<meta property=\"og:title\" content=\"Quienes somos - Solsticio Energ&iacute;as Renovables\" \/>\n<meta property=\"og:description\" content=\"Nuestro equipo Nuestro Equipo Somos un equipo proveniente de la empresa Solarmax ya desaparecida, con amplia experiencia en reparaci\u00f3n y mantenimiento de equipos de energ\u00eda solar fotovoltaica. Gerente Daniel Fern\u00e1ndez\" \/>\n<meta property=\"og:url\" content=\"http:\/\/solsticio.es\/index.php\/quienes-somos-2\/\" \/>\n<meta property=\"og:site_name\" content=\"Solsticio Energ&iacute;as Renovables\" \/>\n<meta name=\"twitter:card\" content=\"summary_large_image\" \/>\n<script type=\"application\/ld+json\" class=\"yoast-schema-graph\">{\"@context\":\"https:\/\/schema.org\",\"@graph\":[{\"@type\":\"WebPage\",\"@id\":\"http:\/\/solsticio.es\/index.php\/quienes-somos-2\/\",\"url\":\"http:\/\/solsticio.es\/index.php\/quienes-somos-2\/\",\"name\":\"Quienes somos - Solsticio Energ&iacute;as Renovables\",\"isPartOf\":{\"@id\":\"http:\/\/solsticio.es\/#website\"},\"datePublished\":\"2016-06-14T15:30:56+00:00\",\"dateModified\":\"2016-06-14T15:30:56+00:00\",\"breadcrumb\":{\"@id\":\"http:\/\/solsticio.es\/index.php\/quienes-somos-2\/#breadcrumb\"},\"inLanguage\":\"es\",\"potentialAction\":[{\"@type\":\"ReadAction\",\"target\":[\"http:\/\/solsticio.es\/index.php\/quienes-somos-2\/\"]}]},{\"@type\":\"BreadcrumbList\",\"@id\":\"http:\/\/solsticio.es\/index.php\/quienes-somos-2\/#breadcrumb\",\"itemListElement\":[{\"@type\":\"ListItem\",\"position\":1,\"name\":\"Portada\",\"item\":\"http:\/\/solsticio.es\/\"},{\"@type\":\"ListItem\",\"position\":2,\"name\":\"Quienes somos\"}]},{\"@type\":\"WebSite\",\"@id\":\"http:\/\/solsticio.es\/#website\",\"url\":\"http:\/\/solsticio.es\/\",\"name\":\"Solsticio Energ&iacute;as Renovables\",\"description\":\"\",\"publisher\":{\"@id\":\"http:\/\/solsticio.es\/#organization\"},\"potentialAction\":[{\"@type\":\"SearchAction\",\"target\":{\"@type\":\"EntryPoint\",\"urlTemplate\":\"http:\/\/solsticio.es\/?s={search_term_string}\"},\"query-input\":{\"@type\":\"PropertyValueSpecification\",\"valueRequired\":true,\"valueName\":\"search_term_string\"}}],\"inLanguage\":\"es\"},{\"@type\":\"Organization\",\"@id\":\"http:\/\/solsticio.es\/#organization\",\"name\":\"Solsticio Energ\u00edas Renovables\",\"url\":\"http:\/\/solsticio.es\/\",\"logo\":{\"@type\":\"ImageObject\",\"inLanguage\":\"es\",\"@id\":\"http:\/\/solsticio.es\/#\/schema\/logo\/image\/\",\"url\":\"http:\/\/solsticio.es\/wp-content\/uploads\/2016\/12\/cropped-LOGO-SOLSTICIO.png\",\"contentUrl\":\"http:\/\/solsticio.es\/wp-content\/uploads\/2016\/12\/cropped-LOGO-SOLSTICIO.png\",\"width\":160,\"height\":45,\"caption\":\"Solsticio Energ\u00edas Renovables\"},\"image\":{\"@id\":\"http:\/\/solsticio.es\/#\/schema\/logo\/image\/\"}}]}<\/script>\n<!-- \/ Yoast SEO plugin. -->","yoast_head_json":{"title":"Quienes somos - Solsticio Energ&iacute;as Renovables","robots":{"index":"index","follow":"follow","max-snippet":"max-snippet:-1","max-image-preview":"max-image-preview:large","max-video-preview":"max-video-preview:-1"},"canonical":"http:\/\/solsticio.es\/index.php\/quienes-somos-2\/","og_locale":"es_ES","og_type":"article","og_title":"Quienes somos - Solsticio Energ&iacute;as Renovables","og_description":"Nuestro equipo Nuestro Equipo Somos un equipo proveniente de la empresa Solarmax ya desaparecida, con amplia experiencia en reparaci\u00f3n y mantenimiento de equipos de energ\u00eda solar fotovoltaica. Gerente Daniel Fern\u00e1ndez","og_url":"http:\/\/solsticio.es\/index.php\/quienes-somos-2\/","og_site_name":"Solsticio Energ&iacute;as Renovables","twitter_card":"summary_large_image","schema":{"@context":"https:\/\/schema.org","@graph":[{"@type":"WebPage","@id":"http:\/\/solsticio.es\/index.php\/quienes-somos-2\/","url":"http:\/\/solsticio.es\/index.php\/quienes-somos-2\/","name":"Quienes somos - Solsticio Energ&iacute;as Renovables","isPartOf":{"@id":"http:\/\/solsticio.es\/#website"},"datePublished":"2016-06-14T15:30:56+00:00","dateModified":"2016-06-14T15:30:56+00:00","breadcrumb":{"@id":"http:\/\/solsticio.es\/index.php\/quienes-somos-2\/#breadcrumb"},"inLanguage":"es","potentialAction":[{"@type":"ReadAction","target":["http:\/\/solsticio.es\/index.php\/quienes-somos-2\/"]}]},{"@type":"BreadcrumbList","@id":"http:\/\/solsticio.es\/index.php\/quienes-somos-2\/#breadcrumb","itemListElement":[{"@type":"ListItem","position":1,"name":"Portada","item":"http:\/\/solsticio.es\/"},{"@type":"ListItem","position":2,"name":"Quienes somos"}]},{"@type":"WebSite","@id":"http:\/\/solsticio.es\/#website","url":"http:\/\/solsticio.es\/","name":"Solsticio Energ&iacute;as Renovables","description":"","publisher":{"@id":"http:\/\/solsticio.es\/#organization"},"potentialAction":[{"@type":"SearchAction","target":{"@type":"EntryPoint","urlTemplate":"http:\/\/solsticio.es\/?s={search_term_string}"},"query-input":{"@type":"PropertyValueSpecification","valueRequired":true,"valueName":"search_term_string"}}],"inLanguage":"es"},{"@type":"Organization","@id":"http:\/\/solsticio.es\/#organization","name":"Solsticio Energ\u00edas Renovables","url":"http:\/\/solsticio.es\/","logo":{"@type":"ImageObject","inLanguage":"es","@id":"http:\/\/solsticio.es\/#\/schema\/logo\/image\/","url":"http:\/\/solsticio.es\/wp-content\/uploads\/2016\/12\/cropped-LOGO-SOLSTICIO.png","contentUrl":"http:\/\/solsticio.es\/wp-content\/uploads\/2016\/12\/cropped-LOGO-SOLSTICIO.png","width":160,"height":45,"caption":"Solsticio Energ\u00edas Renovables"},"image":{"@id":"http:\/\/solsticio.es\/#\/schema\/logo\/image\/"}}]}},"_links":{"self":[{"href":"http:\/\/solsticio.es\/index.php\/wp-json\/wp\/v2\/pages\/114"}],"collection":[{"href":"http:\/\/solsticio.es\/index.php\/wp-json\/wp\/v2\/pages"}],"about":[{"href":"http:\/\/solsticio.es\/index.php\/wp-json\/wp\/v2\/types\/page"}],"author":[{"embeddable":true,"href":"http:\/\/solsticio.es\/index.php\/wp-json\/wp\/v2\/users\/1"}],"replies":[{"embeddable":true,"href":"http:\/\/solsticio.es\/index.php\/wp-json\/wp\/v2\/comments?post=114"}],"version-history":[{"count":1,"href":"http:\/\/solsticio.es\/index.php\/wp-json\/wp\/v2\/pages\/114\/revisions"}],"predecessor-version":[{"id":115,"href":"http:\/\/solsticio.es\/index.php\/wp-json\/wp\/v2\/pages\/114\/revisions\/115"}],"wp:attachment":[{"href":"http:\/\/solsticio.es\/index.php\/wp-json\/wp\/v2\/media?parent=114"}],"curies":[{"name":"wp","href":"https:\/\/api.w.org\/{rel}","templated":true}]}}